{"id":209,"date":"2018-12-15T22:19:31","date_gmt":"2018-12-15T22:19:31","guid":{"rendered":"http:\/\/tw.cm.upt.ro\/c7\/?page_id=209"},"modified":"2018-12-15T22:19:31","modified_gmt":"2018-12-15T22:19:31","slug":"povestea-incepe-cand","status":"publish","type":"page","link":"https:\/\/tw.cm.upt.ro\/c7\/?page_id=209","title":{"rendered":"Povestea \u00eencepe c\u00e2nd&#8230;."},"content":{"rendered":"<div id=\"fb-root\"><\/div>\n<p>Prive\u0219ti \u00eenspre tine.<\/p>\n<p><img fetchpriority=\"high\" decoding=\"async\" class=\"wp-image-190 alignright\" src=\"https:\/\/hailaopovesteblog.files.wordpress.com\/2018\/10\/blog-3.jpg\" alt=\"blog 3\" width=\"286\" height=\"386\" \/><\/p>\n<p>Daca a\u0219 schimba ceva la mine?! S\u0103 vedem&#8230;adev\u0103rul e c\u0103 \u00eemi cam place de mine, dar nu pentru c\u0103 a\u0219 fi perfect\u0103. Tocmai fiindc\u0103 nu sunt, dar foarte probabil s\u0103 am vreo c\u00e2teva calit\u0103\u021bi care m\u0103 fac s\u0103 fiu un om valoros.<\/p>\n<p>Uite, \u00eemi place c\u0103 eman pozitivitate, uneori. \u00cemi place c\u00e2nd sunt debordant de sincer\u0103. \u00cemi mai place puterea mea de a empatiza. Sunt m\u00e2ndr\u0103 \u0219i mul\u021bumitoare p\u0103rin\u021bilor mei pentru con\u0219tiin\u021ba mea, &#8220;coloana vertebral\u0103&#8221;, pentru educa\u021bia \u0219i principiile mele. Sunt recunosc\u0103toare Divinit\u0103\u021bii pentru inteligen\u021b\u0103. Sunt m\u00e2ndr\u0103 de valorile mele: loialitate, integritate, moralitate. Cred c\u0103 punctul meu forte este felul de a interac\u021biona: deschis, volubil, dezinvolt, sincer \u0219i vesel. \u00cemi place entuziasmul pe care \u00eel am c\u00e2nd m\u0103 g\u00e2ndesc la &#8220;a crea&#8221;. \u00cemi iubesc inocen\u021ba, de\u0219i vine la pachet cu naivitatea. Iubesc tr\u0103irea pe care o am c\u00e2nd fac ceva pentru un om drag, fericirea pe care o simt c\u00e2nd \u00eel v\u0103d c\u0103 z\u00e2mbe\u0219te.<\/p>\n<p><img decoding=\"async\" class=\"size-full wp-image-245 alignleft\" src=\"https:\/\/hailaopovesteblog.files.wordpress.com\/2018\/10\/self-deception.jpg\" alt=\"Self-deception\" width=\"348\" height=\"259\" \/><\/p>\n<p>\u00cemi displace superficialitatea cu care, uneori, tratez lucrurile. A\u0219 vrea s\u0103-mi controlez impulsivitatea. A\u0219tept de la mine s\u0103 fiu mai atent\u0103 la tot ce se \u00eent\u00e2mpl\u0103. Sunt multe de \u00eembun\u0103t\u0103\u021bit \u0219i toate la mine:)). Nu ar strica deloc s\u0103 am mai mult\u0103 \u00eencredere \u00een for\u021bele mele. Asta consider c\u0103 ar aduce un plus unui fapt deja \u00een\u021beles: c\u0103 prin munc\u0103, dedicare \u0219i cunoa\u0219tere de sine, voi ajunge s\u0103 realizez tot ce \u00eemi propun. A\u0219 vrea s\u0103 m\u0103 cunosc mai mult \u0219i mai \u00eendeaproape. \u00cemi place c\u0103 sunt omul cu suflet \u00een fapte, \u00een vorbe..\u00een tot. De\u0219i, m\u0103 afecteaz\u0103, \u00een unele d\u0103\u021bi \u0219i poate, de multe ori, ar mai s\u0103n\u0103tos s\u0103 fiu mia deta\u0219at\u0103.<\/p>\n<p>\u00cemi doresc a\u0219a multe de la via\u021b\u0103. Mi-am mai pierdut din vise. Dar, am at\u00e2tea \u00eempliniri de realizat. \u00cemi propun s\u0103 fiu deschis\u0103, s\u0103 \u00eembr\u0103\u021bi\u0219ez schimb\u0103rile, s\u0103 iau lucrurile ca atare, s\u0103 apreciez ceea ce am deja, s\u0103 lupt ne\u00eencetat pentru ceea ce \u00eemi doresc. VREAU S\u0102 \u00ceN\u021aELEG C\u0102 EU SUNT SINGURA \u00ceN M\u0102SUR\u0102 S\u0102 DECID\u0102 CE POT\/NU VREAU \u0218I C\u0102 DOAR EU \u00ceMI POT SETA LIMITELE. Aleg s\u0103 cred \u00een visele mele, sa m\u0103 sus\u021bin ne\u00eencetat \u00een tot ceea ce fac. Vreau s\u0103 \u00een\u021beleg c\u0103 e\u0219ecul este parte dintr-un succes. Ca nimic nu e ve\u0219nic. Ca via\u021ba e din bune \u0219i rele. C\u0103 nimic nu e doar a\u0219a&#8230;sau doar altfel. C\u0103 se poate! Cu siguran\u021b\u0103 se poate! Dar, c\u0103 nu e suficient s\u0103 \u00eemi doresc. Trebuie s\u0103 ac\u021bionez. C\u0103 nimeni nu m\u0103 va cunoa\u0219te cum m\u0103 cunosc eu \u0219i de asta eu voi fi unicul om care va decide pentru mine. S\u0103 \u00een\u021beleg c\u0103 pot face absolut tot ceea ce vreau. F\u0103r\u0103 excep\u021bii. Dar, c\u0103 pentru toate voi fi r\u0103spunzatoare.<\/p>\n<p><img decoding=\"async\" class=\"wp-image-193 alignleft\" src=\"https:\/\/hailaopovesteblog.files.wordpress.com\/2018\/10\/blog-21.png\" alt=\"blog 2\" width=\"443\" height=\"265\" \/><\/p>\n<p>Cred c\u0103 st\u0103rile noastre vin din interior. Nu e vorba de job, nu e vorba de alte persoane. E vorba despre noi, psihicul \u0219i echilibrul nostru emo\u021bional. E vorba de sinele nostru.Am \u00eentalnit, \u00een ultima perioada, vreo ca\u021biva oameni frumo\u0219i. La fel, \u00eenc\u0103 vreo ca\u021biva..nu mai pu\u021bin frumo\u0219i. Dar, care s\u0103 spunem c\u0103 nu mi-au ajuns la suflet. Mereu mi-am dorit ca oamenii care m\u0103 \u00eenconjoar\u0103 s\u0103 fie de calitate. \u0218i mereu am vrut s\u0103 cred c\u0103 eu sunt cea care alege. A\u0219a mi se pare \u0219i normal. S\u0103 alegem, mai pu\u021bin s\u0103 fim ale\u0219i. Ideea e c\u0103 am \u00een\u021beles ca nu exist\u0103 exlusivitate \u00een a fi bun sau r\u0103u \u0219i c\u0103 toat\u0103 treaba asta cu a fi a\u0219a sau altfel e relativ\u0103. Fiecare filtreaz\u0103 printr-un sistem de valori propriu. De altfel, pentru fiecare persoan\u0103 suntem un alt om. A\u0219a c\u0103, <b>nu suntem cum spun al\u021bii<\/b>. <b>Suntem cum noi ne-am \u00een\u021beles<\/b>, privind \u00een interiorul nostru, <b>fiind dureros de sinceri cu noi<\/b>.<\/p>\n<p>Iar tu e\u0219ti un om fain fiindc\u0103&#8230;!? Prive\u0219te spre tine. Vei fi uimit c\u00e2t po\u021bi fii de valoros. Fii sincer cu majoritatea, dar cel mai sincer doar cu tine!<\/p>\n<p><img loading=\"lazy\" decoding=\"async\" class=\"size-full wp-image-243 aligncenter\" src=\"https:\/\/hailaopovesteblog.files.wordpress.com\/2018\/10\/ego_inverse_of_knowledge.jpg\" alt=\"ego_inverse_of_knowledge\" width=\"480\" height=\"360\" \/><\/p>\n","protected":false},"excerpt":{"rendered":"<p>Prive\u0219ti \u00eenspre tine. Daca a\u0219 schimba ceva la mine?! S\u0103 vedem&#8230;adev\u0103rul e c\u0103 \u00eemi cam place de mine, dar nu pentru c\u0103 a\u0219 fi perfect\u0103. Tocmai fiindc\u0103 nu sunt, dar foarte probabil s\u0103 am vreo c\u00e2teva calit\u0103\u021bi care m\u0103 fac s\u0103 fiu un om valoros. Uite, \u00eemi place c\u0103 eman pozitivitate, uneori. \u00cemi place c\u00e2nd&hellip; <\/p>\n","protected":false},"author":89,"featured_media":62,"parent":196,"menu_order":5,"comment_status":"closed","ping_status":"closed","template":"","meta":{"wprm-recipe-roundup-name":"","wprm-recipe-roundup-description":"","ngg_post_thumbnail":0,"footnotes":""},"class_list":["post-209","page","type-page","status-publish","has-post-thumbnail","hentry"],"yoast_head":"<!-- This site is optimized with the Yoast SEO plugin v27.1.1 - https:\/\/yoast.com\/product\/yoast-seo-wordpress\/ -->\n<title>Povestea \u00eencepe c\u00e2nd.... - Hai la o poveste<\/title>\n<meta name=\"robots\" content=\"index, follow, max-snippet:-1, max-image-preview:large, max-video-preview:-1\" \/>\n<link rel=\"canonical\" href=\"https:\/\/tw.cm.upt.ro\/c7\/?page_id=209\" \/>\n<meta property=\"og:locale\" content=\"en_US\" \/>\n<meta property=\"og:type\" content=\"article\" \/>\n<meta property=\"og:title\" content=\"Povestea \u00eencepe c\u00e2nd.... - Hai la o poveste\" \/>\n<meta property=\"og:description\" content=\"Prive\u0219ti \u00eenspre tine. Daca a\u0219 schimba ceva la mine?! S\u0103 vedem&#8230;adev\u0103rul e c\u0103 \u00eemi cam place de mine, dar nu pentru c\u0103 a\u0219 fi perfect\u0103. Tocmai fiindc\u0103 nu sunt, dar foarte probabil s\u0103 am vreo c\u00e2teva calit\u0103\u021bi care m\u0103 fac s\u0103 fiu un om valoros. Uite, \u00eemi place c\u0103 eman pozitivitate, uneori. \u00cemi place c\u00e2nd&hellip;\" \/>\n<meta property=\"og:url\" content=\"https:\/\/tw.cm.upt.ro\/c7\/?page_id=209\" \/>\n<meta property=\"og:site_name\" content=\"Hai la o poveste\" \/>\n<meta property=\"og:image\" content=\"https:\/\/tw.cm.upt.ro\/c7\/wp-content\/uploads\/sites\/94\/2018\/11\/blog-4-1.jpg\" \/>\n\t<meta property=\"og:image:width\" content=\"500\" \/>\n\t<meta property=\"og:image:height\" content=\"556\" \/>\n\t<meta property=\"og:image:type\" content=\"image\/jpeg\" \/>\n<meta name=\"twitter:card\" content=\"summary_large_image\" \/>\n<meta name=\"twitter:label1\" content=\"Est. reading time\" \/>\n\t<meta name=\"twitter:data1\" content=\"4 minutes\" \/>\n<script type=\"application\/ld+json\" class=\"yoast-schema-graph\">{\"@context\":\"https:\/\/schema.org\",\"@graph\":[{\"@type\":\"WebPage\",\"@id\":\"https:\/\/tw.cm.upt.ro\/c7\/?page_id=209\",\"url\":\"https:\/\/tw.cm.upt.ro\/c7\/?page_id=209\",\"name\":\"Povestea \u00eencepe c\u00e2nd.... - Hai la o poveste\",\"isPartOf\":{\"@id\":\"https:\/\/tw.cm.upt.ro\/c7\/#website\"},\"primaryImageOfPage\":{\"@id\":\"https:\/\/tw.cm.upt.ro\/c7\/?page_id=209#primaryimage\"},\"image\":{\"@id\":\"https:\/\/tw.cm.upt.ro\/c7\/?page_id=209#primaryimage\"},\"thumbnailUrl\":\"https:\/\/tw.cm.upt.ro\/c7\/wp-content\/uploads\/sites\/94\/2018\/11\/blog-4-1.jpg\",\"datePublished\":\"2018-12-15T22:19:31+00:00\",\"breadcrumb\":{\"@id\":\"https:\/\/tw.cm.upt.ro\/c7\/?page_id=209#breadcrumb\"},\"inLanguage\":\"en-US\",\"potentialAction\":[{\"@type\":\"ReadAction\",\"target\":[\"https:\/\/tw.cm.upt.ro\/c7\/?page_id=209\"]}]},{\"@type\":\"ImageObject\",\"inLanguage\":\"en-US\",\"@id\":\"https:\/\/tw.cm.upt.ro\/c7\/?page_id=209#primaryimage\",\"url\":\"https:\/\/tw.cm.upt.ro\/c7\/wp-content\/uploads\/sites\/94\/2018\/11\/blog-4-1.jpg\",\"contentUrl\":\"https:\/\/tw.cm.upt.ro\/c7\/wp-content\/uploads\/sites\/94\/2018\/11\/blog-4-1.jpg\",\"width\":500,\"height\":556},{\"@type\":\"BreadcrumbList\",\"@id\":\"https:\/\/tw.cm.upt.ro\/c7\/?page_id=209#breadcrumb\",\"itemListElement\":[{\"@type\":\"ListItem\",\"position\":1,\"name\":\"Home\",\"item\":\"https:\/\/tw.cm.upt.ro\/c7\"},{\"@type\":\"ListItem\",\"position\":2,\"name\":\"Povestiri\",\"item\":\"https:\/\/tw.cm.upt.ro\/c7\/?page_id=196\"},{\"@type\":\"ListItem\",\"position\":3,\"name\":\"Povestea \u00eencepe c\u00e2nd&#8230;.\"}]},{\"@type\":\"WebSite\",\"@id\":\"https:\/\/tw.cm.upt.ro\/c7\/#website\",\"url\":\"https:\/\/tw.cm.upt.ro\/c7\/\",\"name\":\"Hai la o poveste\",\"description\":\"Povestirile ne aduc \u00eempreun\u0103\",\"publisher\":{\"@id\":\"https:\/\/tw.cm.upt.ro\/c7\/#organization\"},\"potentialAction\":[{\"@type\":\"SearchAction\",\"target\":{\"@type\":\"EntryPoint\",\"urlTemplate\":\"https:\/\/tw.cm.upt.ro\/c7\/?s={search_term_string}\"},\"query-input\":{\"@type\":\"PropertyValueSpecification\",\"valueRequired\":true,\"valueName\":\"search_term_string\"}}],\"inLanguage\":\"en-US\"},{\"@type\":\"Organization\",\"@id\":\"https:\/\/tw.cm.upt.ro\/c7\/#organization\",\"name\":\"Hai la o poveste\",\"url\":\"https:\/\/tw.cm.upt.ro\/c7\/\",\"logo\":{\"@type\":\"ImageObject\",\"inLanguage\":\"en-US\",\"@id\":\"https:\/\/tw.cm.upt.ro\/c7\/#\/schema\/logo\/image\/\",\"url\":\"https:\/\/tw.cm.upt.ro\/c7\/wp-content\/uploads\/sites\/94\/2018\/12\/cropped-unaltlogo-1-2.png\",\"contentUrl\":\"https:\/\/tw.cm.upt.ro\/c7\/wp-content\/uploads\/sites\/94\/2018\/12\/cropped-unaltlogo-1-2.png\",\"width\":513,\"height\":260,\"caption\":\"Hai la o poveste\"},\"image\":{\"@id\":\"https:\/\/tw.cm.upt.ro\/c7\/#\/schema\/logo\/image\/\"}}]}<\/script>\n<!-- \/ Yoast SEO plugin. -->","yoast_head_json":{"title":"Povestea \u00eencepe c\u00e2nd.... - Hai la o poveste","robots":{"index":"index","follow":"follow","max-snippet":"max-snippet:-1","max-image-preview":"max-image-preview:large","max-video-preview":"max-video-preview:-1"},"canonical":"https:\/\/tw.cm.upt.ro\/c7\/?page_id=209","og_locale":"en_US","og_type":"article","og_title":"Povestea \u00eencepe c\u00e2nd.... - Hai la o poveste","og_description":"Prive\u0219ti \u00eenspre tine. Daca a\u0219 schimba ceva la mine?! S\u0103 vedem&#8230;adev\u0103rul e c\u0103 \u00eemi cam place de mine, dar nu pentru c\u0103 a\u0219 fi perfect\u0103. Tocmai fiindc\u0103 nu sunt, dar foarte probabil s\u0103 am vreo c\u00e2teva calit\u0103\u021bi care m\u0103 fac s\u0103 fiu un om valoros. Uite, \u00eemi place c\u0103 eman pozitivitate, uneori. \u00cemi place c\u00e2nd&hellip;","og_url":"https:\/\/tw.cm.upt.ro\/c7\/?page_id=209","og_site_name":"Hai la o poveste","og_image":[{"width":500,"height":556,"url":"https:\/\/tw.cm.upt.ro\/c7\/wp-content\/uploads\/sites\/94\/2018\/11\/blog-4-1.jpg","type":"image\/jpeg"}],"twitter_card":"summary_large_image","twitter_misc":{"Est. reading time":"4 minutes"},"schema":{"@context":"https:\/\/schema.org","@graph":[{"@type":"WebPage","@id":"https:\/\/tw.cm.upt.ro\/c7\/?page_id=209","url":"https:\/\/tw.cm.upt.ro\/c7\/?page_id=209","name":"Povestea \u00eencepe c\u00e2nd.... - Hai la o poveste","isPartOf":{"@id":"https:\/\/tw.cm.upt.ro\/c7\/#website"},"primaryImageOfPage":{"@id":"https:\/\/tw.cm.upt.ro\/c7\/?page_id=209#primaryimage"},"image":{"@id":"https:\/\/tw.cm.upt.ro\/c7\/?page_id=209#primaryimage"},"thumbnailUrl":"https:\/\/tw.cm.upt.ro\/c7\/wp-content\/uploads\/sites\/94\/2018\/11\/blog-4-1.jpg","datePublished":"2018-12-15T22:19:31+00:00","breadcrumb":{"@id":"https:\/\/tw.cm.upt.ro\/c7\/?page_id=209#breadcrumb"},"inLanguage":"en-US","potentialAction":[{"@type":"ReadAction","target":["https:\/\/tw.cm.upt.ro\/c7\/?page_id=209"]}]},{"@type":"ImageObject","inLanguage":"en-US","@id":"https:\/\/tw.cm.upt.ro\/c7\/?page_id=209#primaryimage","url":"https:\/\/tw.cm.upt.ro\/c7\/wp-content\/uploads\/sites\/94\/2018\/11\/blog-4-1.jpg","contentUrl":"https:\/\/tw.cm.upt.ro\/c7\/wp-content\/uploads\/sites\/94\/2018\/11\/blog-4-1.jpg","width":500,"height":556},{"@type":"BreadcrumbList","@id":"https:\/\/tw.cm.upt.ro\/c7\/?page_id=209#breadcrumb","itemListElement":[{"@type":"ListItem","position":1,"name":"Home","item":"https:\/\/tw.cm.upt.ro\/c7"},{"@type":"ListItem","position":2,"name":"Povestiri","item":"https:\/\/tw.cm.upt.ro\/c7\/?page_id=196"},{"@type":"ListItem","position":3,"name":"Povestea \u00eencepe c\u00e2nd&#8230;."}]},{"@type":"WebSite","@id":"https:\/\/tw.cm.upt.ro\/c7\/#website","url":"https:\/\/tw.cm.upt.ro\/c7\/","name":"Hai la o poveste","description":"Povestirile ne aduc \u00eempreun\u0103","publisher":{"@id":"https:\/\/tw.cm.upt.ro\/c7\/#organization"},"potentialAction":[{"@type":"SearchAction","target":{"@type":"EntryPoint","urlTemplate":"https:\/\/tw.cm.upt.ro\/c7\/?s={search_term_string}"},"query-input":{"@type":"PropertyValueSpecification","valueRequired":true,"valueName":"search_term_string"}}],"inLanguage":"en-US"},{"@type":"Organization","@id":"https:\/\/tw.cm.upt.ro\/c7\/#organization","name":"Hai la o poveste","url":"https:\/\/tw.cm.upt.ro\/c7\/","logo":{"@type":"ImageObject","inLanguage":"en-US","@id":"https:\/\/tw.cm.upt.ro\/c7\/#\/schema\/logo\/image\/","url":"https:\/\/tw.cm.upt.ro\/c7\/wp-content\/uploads\/sites\/94\/2018\/12\/cropped-unaltlogo-1-2.png","contentUrl":"https:\/\/tw.cm.upt.ro\/c7\/wp-content\/uploads\/sites\/94\/2018\/12\/cropped-unaltlogo-1-2.png","width":513,"height":260,"caption":"Hai la o poveste"},"image":{"@id":"https:\/\/tw.cm.upt.ro\/c7\/#\/schema\/logo\/image\/"}}]}},"_links":{"self":[{"href":"https:\/\/tw.cm.upt.ro\/c7\/index.php?rest_route=\/wp\/v2\/pages\/209","targetHints":{"allow":["GET"]}}],"collection":[{"href":"https:\/\/tw.cm.upt.ro\/c7\/index.php?rest_route=\/wp\/v2\/pages"}],"about":[{"href":"https:\/\/tw.cm.upt.ro\/c7\/index.php?rest_route=\/wp\/v2\/types\/page"}],"author":[{"embeddable":true,"href":"https:\/\/tw.cm.upt.ro\/c7\/index.php?rest_route=\/wp\/v2\/users\/89"}],"replies":[{"embeddable":true,"href":"https:\/\/tw.cm.upt.ro\/c7\/index.php?rest_route=%2Fwp%2Fv2%2Fcomments&post=209"}],"version-history":[{"count":1,"href":"https:\/\/tw.cm.upt.ro\/c7\/index.php?rest_route=\/wp\/v2\/pages\/209\/revisions"}],"predecessor-version":[{"id":210,"href":"https:\/\/tw.cm.upt.ro\/c7\/index.php?rest_route=\/wp\/v2\/pages\/209\/revisions\/210"}],"up":[{"embeddable":true,"href":"https:\/\/tw.cm.upt.ro\/c7\/index.php?rest_route=\/wp\/v2\/pages\/196"}],"wp:featuredmedia":[{"embeddable":true,"href":"https:\/\/tw.cm.upt.ro\/c7\/index.php?rest_route=\/wp\/v2\/media\/62"}],"wp:attachment":[{"href":"https:\/\/tw.cm.upt.ro\/c7\/index.php?rest_route=%2Fwp%2Fv2%2Fmedia&parent=209"}],"curies":[{"name":"wp","href":"https:\/\/api.w.org\/{rel}","templated":true}]}}